{"id":9223,"date":"2021-11-08T06:38:06","date_gmt":"2021-11-08T06:38:06","guid":{"rendered":"https:\/\/www.ecoconscience.tv\/?page_id=9223"},"modified":"2021-11-08T06:53:24","modified_gmt":"2021-11-08T06:53:24","slug":"charte-editoriale-eco-conscience-tv","status":"publish","type":"page","link":"https:\/\/www.ecoconscience.tv\/a-propos-de\/charte-editoriale-eco-conscience-tv\/","title":{"rendered":"Charte \u00e9ditoriale ECO CONSCIENCE TV"},"content":{"rendered":"\t\t<div data-elementor-type=\"wp-page\" data-elementor-id=\"9223\" class=\"elementor elementor-9223\">\n\t\t\t\t\t\t<div class=\"elementor-inner\">\n\t\t\t\t<div class=\"elementor-section-wrap\">\n\t\t\t\t\t\t\t\t\t<section class=\"elementor-section elementor-top-section elementor-element elementor-element-73099b2 elementor-section-boxed elementor-section-height-default elementor-section-height-default\" data-id=\"73099b2\" data-element_type=\"section\">\n\t\t\t\t\t\t<div class=\"elementor-container elementor-column-gap-default\">\n\t\t\t\t\t\t\t<div class=\"elementor-row\">\n\t\t\t\t\t<div class=\"elementor-column elementor-col-100 elementor-top-column elementor-element elementor-element-138c32d\" data-id=\"138c32d\" data-element_type=\"column\">\n\t\t\t<div class=\"elementor-column-wrap elementor-element-populated\">\n\t\t\t\t\t\t\t<div class=\"elementor-widget-wrap\">\n\t\t\t\t\t\t<div class=\"elementor-element elementor-element-e851abe elementor-widget elementor-widget-accordion\" data-id=\"e851abe\" data-element_type=\"widget\" data-widget_type=\"accordion.default\">\n\t\t\t\t<div class=\"elementor-widget-container\">\n\t\t\t\t\t<div class=\"elementor-accordion\" role=\"tablist\">\n\t\t\t\t\t\t\t<div class=\"elementor-accordion-item\">\n\t\t\t\t\t<div id=\"elementor-tab-title-2431\" class=\"elementor-tab-title\" data-tab=\"1\" role=\"tab\" aria-controls=\"elementor-tab-content-2431\" aria-expanded=\"false\">\n\t\t\t\t\t\t\t\t\t\t\t\t\t<span class=\"elementor-accordion-icon elementor-accordion-icon-left\" aria-hidden=\"true\">\n\t\t\t\t\t\t\t\t\t\t\t\t\t\t\t<span class=\"elementor-accordion-icon-closed\"><i class=\"fas fa-plus\"><\/i><\/span>\n\t\t\t\t\t\t\t\t<span class=\"elementor-accordion-icon-opened\"><i class=\"fas fa-minus\"><\/i><\/span>\n\t\t\t\t\t\t\t\t\t\t\t\t\t\t<\/span>\n\t\t\t\t\t\t\t\t\t\t\t\t<a class=\"elementor-accordion-title\" href=\"\">Principe 1 \u2013 Le Site Internet d\u2019Eco Conscience TV\u200b<\/a>\n\t\t\t\t\t<\/div>\n\t\t\t\t\t<div id=\"elementor-tab-content-2431\" class=\"elementor-tab-content elementor-clearfix\" data-tab=\"1\" role=\"tabpanel\" aria-labelledby=\"elementor-tab-title-2431\"><p>Le site\u00a0www.ecocoscience.tv \u00a0est le site officiel de la soci\u00e9t\u00e9 ECO CONSCIENCE TV.<\/p>\n<p>Le site ECTV est actualis\u00e9 par le media ECO CONSCIENCE TV (Direction et la r\u00e9daction). ECO CONSCIENCE TV a son si\u00e8ge \u00e0 Lom\u00e9. Vous pouvez nous contacter sur les adresses suivantes :<\/p>\n<p><strong>ECO CONSCIENCE SARL U<\/strong><br \/><strong>N\u00b0RCCM: TG-LOM 2018 B 111 N\u00b0CNSS: 64868<\/strong><br \/><strong>N\u00b0CFE: 01236PM2017 \/ 2018<\/strong><\/p>\n<p><strong>Contact:<\/strong><br \/>Tel : (+228) 90 76 22 01 \/ 98 37 63 69\u00a0<br \/>Email:\u00a0ecoconsciencetv@gmail.com<br \/>contact@ecoconscience.tv <br \/>Si\u00e8ge : Lom\u00e9 ; BP 80 002-Lom\u00e9 Togo\u00a0<\/p>\n<ul>\n<li>Directrice de la publication : Mme Djatougbe Akouvi Aziaka, Directrice G\u00e9n\u00e9rale.<\/li>\n<li>Comit\u00e9 d\u2019Orientation Strat\u00e9gique (COS) : M. Guillaume Quelin, Pr\u00e9sident. (Expert International).<\/li>\n<li>Responsable de la r\u00e9daction : M. Aim\u00e9 Kaku, Cameraman.<\/li>\n<\/ul><\/div>\n\t\t\t\t<\/div>\n\t\t\t\t\t\t\t<div class=\"elementor-accordion-item\">\n\t\t\t\t\t<div id=\"elementor-tab-title-2432\" class=\"elementor-tab-title\" data-tab=\"2\" role=\"tab\" aria-controls=\"elementor-tab-content-2432\" aria-expanded=\"false\">\n\t\t\t\t\t\t\t\t\t\t\t\t\t<span class=\"elementor-accordion-icon elementor-accordion-icon-left\" aria-hidden=\"true\">\n\t\t\t\t\t\t\t\t\t\t\t\t\t\t\t<span class=\"elementor-accordion-icon-closed\"><i class=\"fas fa-plus\"><\/i><\/span>\n\t\t\t\t\t\t\t\t<span class=\"elementor-accordion-icon-opened\"><i class=\"fas fa-minus\"><\/i><\/span>\n\t\t\t\t\t\t\t\t\t\t\t\t\t\t<\/span>\n\t\t\t\t\t\t\t\t\t\t\t\t<a class=\"elementor-accordion-title\" href=\"\">Principe 2 \u2013 Interactions, contributions et commentaires du public<\/a>\n\t\t\t\t\t<\/div>\n\t\t\t\t\t<div id=\"elementor-tab-content-2432\" class=\"elementor-tab-content elementor-clearfix\" data-tab=\"2\" role=\"tabpanel\" aria-labelledby=\"elementor-tab-title-2432\"><p><span style=\"font-weight: 400;\">Eco Conscience TV est pr\u00e9sente sur les r\u00e9seaux sociaux\u00a0:\u00a0<\/span><a href=\"https:\/\/twitter.com\/Roche_France\"><span style=\"font-weight: 400;\">Twitter<\/span><\/a><span style=\"font-weight: 400;\">,\u00a0sur\u00a0<\/span><a href=\"https:\/\/www.youtube.com\/channel\/UC9loUiNK_i6P6tp2iwp0-mw\"><span style=\"font-weight: 400;\">YouTube<\/span><\/a><span style=\"font-weight: 400;\">, sur\u00a0<\/span><a href=\"https:\/\/www.flickr.com\/photos\/rochefrance\/\"><span style=\"font-weight: 400;\">Facebook<\/span><\/a><span style=\"font-weight: 400;\">. \u00a0Eco Conscience TV accepte les contributions et les commentaires des internautes sur ces Espaces sous r\u00e9serve du respect de la pr\u00e9sente charte \u00e9ditoriale.<\/span><\/p>\n<p><span style=\"font-weight: 400;\">Vous \u00eates seul responsable des donn\u00e9es que vous diffusez et\/ou utilisez et\/ou transf\u00e9rez sur les Espaces. Eco Conscience TV d\u00e9cline toute responsabilit\u00e9 relativement au contenu des t\u00e9moignages r\u00e9dig\u00e9s par leurs auteurs.\u00a0<\/span><\/p>\n<p><span style=\"font-weight: 400;\">Pour commenter et contribuer sur ces espaces, vous vous engagez \u00e0 \u00eatre \u00e2g\u00e9 de 18 ans et plus ou avoir l\u2019autorisation d\u2019un parent pour les mineurs, de disposer d\u2019une adresse de courrier \u00e9lectronique valide et indiquer les sources (r\u00e9f\u00e9rences, liens, etc.) des informations contenues dans vos commentaires si elles ne proviennent pas de votre exp\u00e9rience personnelle.<\/span><\/p>\n<p><span style=\"font-weight: 400;\">Les commentaires et contributions ne doivent pas\u00a0: \u00a0\u00a0\u00a0\u00a0\u00a0\u00a0\u00a0\u00a0\u00a0\u00a0\u00a0\u00a0\u00a0\u00a0\u00a0\u00a0\u00a0\u00a0\u00a0\u00a0\u00a0\u00a0\u00a0<\/span><\/p>\n<p><span style=\"font-weight: 400;\">&#8211;\u00a0\u00a0\u00a0\u00a0\u00a0\u00a0\u00a0\u00a0\u00a0 \u00catre hors th\u00e8me. L\u2019objectif du site Eco Conscience TV et des Espaces est\u00a0d\u2019inform\u00e9 le grand public de l\u2019actualit\u00e9 d\u2019Eco Conscience TV au Togo et en Afrique\u00a0\u00a0<\/span><\/p>\n<p><span style=\"font-weight: 400;\">&#8211;\u00a0\u00a0\u00a0\u00a0\u00a0\u00a0\u00a0\u00a0\u00a0 \u00catre relatif \u00e0 un des th\u00e9matiques trait\u00e9es par Eco Conscience TV. Les axes d\u2019interventions d\u2019Eco conscience TV sont\u00a0: <\/span><i><span style=\"font-weight: 400;\">Pr\u00e9servation des ressources naturelles ; changements climatiques ; \u00e9cocitoyennet\u00e9 ; les 17 objectifs de d\u00e9veloppement durable ; Genre-environnement ; S\u00e9curit\u00e9 chimique ; Environnement-sant\u00e9 ; Droits \u00e9conomiques, sociaux et culturels ; D\u00e9veloppement local ; Entrepreneuriat Vert \u2013 droit environnemental ; RSE, gestion de conflit et pr\u00e9servation de la paix.<\/span><\/i><\/p>\n<p><span style=\"font-weight: 400;\">Les t\u00e9moignages ne doivent en r\u00e8gle g\u00e9n\u00e9rale mentionner aucun nom ni de donn\u00e9es \u00e0 caract\u00e8re personnel. Les Espaces n\u2019ont pas pour objet de recueillir des informations non fond\u00e9es, par cons\u00e9quent, toute contribution relative au signalement d\u2019un \u00e9v\u00e8nement ind\u00e9sirable ne sera pas publi\u00e9e. N\u00e9anmoins, Eco Conscience TV, dans le cadre de ses obligations l\u00e9gales, proc\u00e8de au traitement de ce type de signalement. Eco Conscience TV pourra le cas \u00e9ch\u00e9ant, et si vous acceptez de fournir vos coordonn\u00e9es, vous contacter afin d\u2019obtenir des informations compl\u00e9mentaires sur l\u2019\u00e9v\u00e8nement ind\u00e9sirable rapport\u00e9.\u00a0<\/span><\/p>\n<p><span style=\"font-weight: 400;\">&#8211;\u00a0\u00a0\u00a0\u00a0\u00a0\u00a0\u00a0\u00a0\u00a0 Contenir des propos \u00e0 caract\u00e8re diffamatoire, violent ou incitant \u00e0 la violence, injurieux, obsc\u00e8ne, offensant, discriminatoire, raciste ou x\u00e9nophobe, pornographique, p\u00e9dophile, r\u00e9visionniste ou n\u00e9gationniste.<\/span><\/p>\n<p><span style=\"font-weight: 400;\">&#8211;\u00a0\u00a0\u00a0\u00a0\u00a0\u00a0\u00a0\u00a0\u00a0 Faire mention d\u2019activit\u00e9s ill\u00e9gales sous toutes leurs formes, notamment la reproduction, la repr\u00e9sentation ou la distribution, non autoris\u00e9es, de logiciels, marques, photographies, images, textes.<\/span><\/p>\n<p><span style=\"font-weight: 400;\">&#8211;\u00a0\u00a0\u00a0\u00a0\u00a0\u00a0\u00a0\u00a0\u00a0 Faire mention de propos ou de messages incitant \u00e0 la commission de crimes et d\u00e9lits.<\/span><\/p>\n<p><span style=\"font-weight: 400;\">&#8211;\u00a0\u00a0\u00a0\u00a0\u00a0\u00a0\u00a0\u00a0\u00a0 Usurper un nom ou une d\u00e9nomination sociale.<\/span><\/p>\n<p><span style=\"font-weight: 400;\">&#8211;\u00a0\u00a0\u00a0\u00a0\u00a0\u00a0\u00a0\u00a0\u00a0 Reprendre totalement ou partiellement des contenus prot\u00e9g\u00e9s par un droit de propri\u00e9t\u00e9 intellectuelle, notamment le droit d\u2019auteur, et pour lesquels vous ne disposez pas de droits, ainsi que les messages constitutifs de contrefa\u00e7on d\u2019une marque d\u00e9pos\u00e9e.<\/span><\/p>\n<p><span style=\"font-weight: 400;\">&#8211;\u00a0\u00a0\u00a0\u00a0\u00a0\u00a0\u00a0\u00a0\u00a0 D\u00e9tourner le service des Espaces pour faire de la propagande, de la prospection, du racolage ou du pros\u00e9lytisme, \u00e0 des fins professionnelles, commerciales ou politiques.<\/span><\/p>\n<p><span style=\"font-weight: 400;\">&#8211;\u00a0\u00a0\u00a0\u00a0\u00a0\u00a0\u00a0\u00a0\u00a0 Reprendre totalement ou partiellement des contenus propres \u00e0 Eco Conscience TV (image, article, objet multim\u00e9dia, dossier\u2026) dont vous reconnaissez qu\u2019ils sont sa propri\u00e9t\u00e9.\u00a0<\/span><\/p>\n<p><span style=\"font-weight: 400;\">&#8211;\u00a0\u00a0\u00a0\u00a0\u00a0\u00a0\u00a0\u00a0\u00a0 Entraver ou perturber le fonctionnement des Espaces.<\/span><\/p>\n<p><span style=\"font-weight: 400;\">&#8211;\u00a0\u00a0\u00a0\u00a0\u00a0\u00a0\u00a0\u00a0\u00a0 Et plus g\u00e9n\u00e9ralement, contrevenir aux bonnes m\u0153urs, \u00e0 l\u2019ordre public, aux lois et r\u00e9glementations en vigueur, aux droits d\u2019autrui.<\/span><\/p>\n<p><span style=\"font-weight: 400;\">Les contributions et commentaires sont soumis \u00e0 l\u2019approbation d\u2019un comit\u00e9 \u00e9ditorial qui s\u2019engage \u00e0 les \u00e9tudier dans un d\u00e9lai de 24 heures (ouvr\u00e9es). Si la contribution ou commentaire ne respecte pas la charte \u00e9ditoriale, elle\/il n\u2019est pas publi\u00e9(e). Vous \u00eates alors inform\u00e9 des raisons de la mod\u00e9ration et\/ou il peut vous \u00eatre demand\u00e9 de modifier votre contribution ou commentaire afin de respecter la charte \u00e9ditoriale.<\/span><\/p>\n<p><span style=\"font-weight: 400;\">Lorsque la mod\u00e9ration sur les Espaces se fait a posteriori, si une contribution ne respecte pas la charte \u00e9ditoriale, elle est supprim\u00e9e de l\u2019Espace. L\u2019\u00e9quipe \u00e9ditoriale vous informe des raisons de la mod\u00e9ration. Elle peut vous demander de modifier partiellement votre contribution ou commentaire afin de respecter la charte \u00e9ditoriale.<\/span><\/p>\n<p><span style=\"font-weight: 400;\">De mani\u00e8re g\u00e9n\u00e9rale, Eco Conscience TV se r\u00e9serve le droit de ne pas prendre part aux discussions sur les Espaces ainsi que de mod\u00e9rer et\/ou de supprimer les commentaires et contribution sur les Espaces.\u00a0<\/span><\/p><\/div>\n\t\t\t\t<\/div>\n\t\t\t\t\t\t\t<div class=\"elementor-accordion-item\">\n\t\t\t\t\t<div id=\"elementor-tab-title-2433\" class=\"elementor-tab-title\" data-tab=\"3\" role=\"tab\" aria-controls=\"elementor-tab-content-2433\" aria-expanded=\"false\">\n\t\t\t\t\t\t\t\t\t\t\t\t\t<span class=\"elementor-accordion-icon elementor-accordion-icon-left\" aria-hidden=\"true\">\n\t\t\t\t\t\t\t\t\t\t\t\t\t\t\t<span class=\"elementor-accordion-icon-closed\"><i class=\"fas fa-plus\"><\/i><\/span>\n\t\t\t\t\t\t\t\t<span class=\"elementor-accordion-icon-opened\"><i class=\"fas fa-minus\"><\/i><\/span>\n\t\t\t\t\t\t\t\t\t\t\t\t\t\t<\/span>\n\t\t\t\t\t\t\t\t\t\t\t\t<a class=\"elementor-accordion-title\" href=\"\">Principe 3 \u2013 Compl\u00e9mentarit\u00e9<\/a>\n\t\t\t\t\t<\/div>\n\t\t\t\t\t<div id=\"elementor-tab-content-2433\" class=\"elementor-tab-content elementor-clearfix\" data-tab=\"3\" role=\"tabpanel\" aria-labelledby=\"elementor-tab-title-2433\"><p><span style=\"font-weight: 400;\">Le site Eco Conscience TV a pour but d\u2019informer le grand public de l\u2019actualit\u00e9 d\u2019ECO CONSCIENCE TV au Togo et de ses domaines de recherches et d\u2019intervention, notamment\u00a0:<\/span><\/p>\n<p><i><span style=\"font-weight: 400;\">Pr\u00e9servation des ressources naturelles ; changements climatiques ; \u00e9cocitoyennet\u00e9 ; les 17 objectifs de d\u00e9veloppement durable ; Genre-environnement ; S\u00e9curit\u00e9 chimique ; Environnement-sant\u00e9 ; Droits \u00e9conomiques, sociaux et culturels ; D\u00e9veloppement local ; Entrepreneuriat Vert \u2013 droit environnemental ; RSE, gestion de conflit et pr\u00e9servation de la paix.<\/span><\/i><\/p>\n<p><span style=\"font-weight: 400;\">Vous reconnaissez \u00eatre pleinement inform\u00e9 de ce que les informations contenues sur le site n\u2019ont pas vocation, de quelle mani\u00e8re que ce soit \u00e0\u00a0:<\/span><\/p>\n<p><span style=\"font-weight: 400;\">&#8211;\u00a0\u00a0\u00a0\u00a0\u00a0\u00a0\u00a0\u00a0\u00a0\u00a0 La d\u00e9sinformation,<\/span><\/p>\n<p><span style=\"font-weight: 400;\">&#8211; \u00a0 \u00a0 \u00a0 \u00a0 \u00a0 Entraver ou perturber la coh\u00e9sion sociale,<\/span><\/p>\n<p><span style=\"font-weight: 400;\">&#8211;\u00a0\u00a0\u00a0\u00a0\u00a0\u00a0\u00a0\u00a0\u00a0\u00a0 Remplacer la consultation, l\u2019avis ou les recommandations d\u2019un professionnel ou expert.<\/span><\/p><\/div>\n\t\t\t\t<\/div>\n\t\t\t\t\t\t\t<div class=\"elementor-accordion-item\">\n\t\t\t\t\t<div id=\"elementor-tab-title-2434\" class=\"elementor-tab-title\" data-tab=\"4\" role=\"tab\" aria-controls=\"elementor-tab-content-2434\" aria-expanded=\"false\">\n\t\t\t\t\t\t\t\t\t\t\t\t\t<span class=\"elementor-accordion-icon elementor-accordion-icon-left\" aria-hidden=\"true\">\n\t\t\t\t\t\t\t\t\t\t\t\t\t\t\t<span class=\"elementor-accordion-icon-closed\"><i class=\"fas fa-plus\"><\/i><\/span>\n\t\t\t\t\t\t\t\t<span class=\"elementor-accordion-icon-opened\"><i class=\"fas fa-minus\"><\/i><\/span>\n\t\t\t\t\t\t\t\t\t\t\t\t\t\t<\/span>\n\t\t\t\t\t\t\t\t\t\t\t\t<a class=\"elementor-accordion-title\" href=\"\">Principe 4 \u2013 Informatique & Libert\u00e9s<\/a>\n\t\t\t\t\t<\/div>\n\t\t\t\t\t<div id=\"elementor-tab-content-2434\" class=\"elementor-tab-content elementor-clearfix\" data-tab=\"4\" role=\"tabpanel\" aria-labelledby=\"elementor-tab-title-2434\"><p><span style=\"font-weight: 400;\">Les donn\u00e9es personnelles collect\u00e9es lors de l\u2019acc\u00e8s aux autres sites disponible sur la page du site Eco Conscience TV au sujet des th\u00e9matiques font l&rsquo;objet d&rsquo;un traitement dont le responsable est Eco Conscience TV. Ce traitement vise \u00e0 r\u00e9pertorier les abonn\u00e9s clients \u00e0 notre offre internet. Eco Conscience TV est le seul destinataire des donn\u00e9es personnelles collect\u00e9es. Ces donn\u00e9es ne peuvent servir \u00e0 des fins promotionnelles. Nos abonn\u00e9s disposent d&rsquo;un droit d&rsquo;acc\u00e8s, de rectification et d&rsquo;opposition \u00e0 leurs donn\u00e9es aupr\u00e8s de la Direction des Affaires Publiques et de la r\u00e9daction Eco Conscience TV. T\u00e9l : +228 98376369.<\/span><\/p><\/div>\n\t\t\t\t<\/div>\n\t\t\t\t\t\t\t<div class=\"elementor-accordion-item\">\n\t\t\t\t\t<div id=\"elementor-tab-title-2435\" class=\"elementor-tab-title\" data-tab=\"5\" role=\"tab\" aria-controls=\"elementor-tab-content-2435\" aria-expanded=\"false\">\n\t\t\t\t\t\t\t\t\t\t\t\t\t<span class=\"elementor-accordion-icon elementor-accordion-icon-left\" aria-hidden=\"true\">\n\t\t\t\t\t\t\t\t\t\t\t\t\t\t\t<span class=\"elementor-accordion-icon-closed\"><i class=\"fas fa-plus\"><\/i><\/span>\n\t\t\t\t\t\t\t\t<span class=\"elementor-accordion-icon-opened\"><i class=\"fas fa-minus\"><\/i><\/span>\n\t\t\t\t\t\t\t\t\t\t\t\t\t\t<\/span>\n\t\t\t\t\t\t\t\t\t\t\t\t<a class=\"elementor-accordion-title\" href=\"\">Principe 5 \u2013 Cookies<\/a>\n\t\t\t\t\t<\/div>\n\t\t\t\t\t<div id=\"elementor-tab-content-2435\" class=\"elementor-tab-content elementor-clearfix\" data-tab=\"5\" role=\"tabpanel\" aria-labelledby=\"elementor-tab-title-2435\"><p><span style=\"font-weight: 400;\">L\u2019utilisation du site Eco Conscience TV n\u00e9cessite l\u2019implantation d\u2019un cookie dans votre ordinateur, \u00e0 des fins purement statistiques (outil d\u2019analyse de la fr\u00e9quentation du site \u2013 aucune donn\u00e9e nominative ni personnelle n\u2019est collect\u00e9e).\u00a0<\/span><\/p>\n<p><span style=\"font-weight: 400;\">Le site Eco Conscience TV recourt \u00e0 des cookies \u00e0 des fins statistiques. En vue d\u2019adapter le site Eco Conscience TV\u00a0\u00a0aux demandes de ses visiteurs, nous mesurons le nombre de visites, le nombre de pages vues ainsi que de l&rsquo;activit\u00e9 des visiteurs sur le site et leur fr\u00e9quence de retour. Les donn\u00e9es recueillies sont conserv\u00e9es pour une dur\u00e9e de 6 mois.<\/span><\/p>\n<p><span style=\"font-weight: 400;\">Tout internaute peut s\u2019opposer \u00e0 l\u2019enregistrement de \u00ab cookies \u00bb en configurant son navigateur internet.\u00a0<\/span><\/p><\/div>\n\t\t\t\t<\/div>\n\t\t\t\t\t\t\t<div class=\"elementor-accordion-item\">\n\t\t\t\t\t<div id=\"elementor-tab-title-2436\" class=\"elementor-tab-title\" data-tab=\"6\" role=\"tab\" aria-controls=\"elementor-tab-content-2436\" aria-expanded=\"false\">\n\t\t\t\t\t\t\t\t\t\t\t\t\t<span class=\"elementor-accordion-icon elementor-accordion-icon-left\" aria-hidden=\"true\">\n\t\t\t\t\t\t\t\t\t\t\t\t\t\t\t<span class=\"elementor-accordion-icon-closed\"><i class=\"fas fa-plus\"><\/i><\/span>\n\t\t\t\t\t\t\t\t<span class=\"elementor-accordion-icon-opened\"><i class=\"fas fa-minus\"><\/i><\/span>\n\t\t\t\t\t\t\t\t\t\t\t\t\t\t<\/span>\n\t\t\t\t\t\t\t\t\t\t\t\t<a class=\"elementor-accordion-title\" href=\"\">Principe 6 \u2013 Validation et mise \u00e0 jour des contenus mis en ligne par Eco Conscience TV<\/a>\n\t\t\t\t\t<\/div>\n\t\t\t\t\t<div id=\"elementor-tab-content-2436\" class=\"elementor-tab-content elementor-clearfix\" data-tab=\"6\" role=\"tabpanel\" aria-labelledby=\"elementor-tab-title-2436\"><p><span style=\"font-weight: 400;\">Toutes les informations sont revues et valid\u00e9es avant leur mise en ligne par la r\u00e9daction ainsi que par la direction d\u2019Eco Conscience TV.<\/span><\/p>\n<p><span style=\"font-weight: 400;\">Les contenus sont des contenus exclusivement originaux cr\u00e9\u00e9s exclusivement pour Eco Conscience TV et in\u00e9dits.<\/span><\/p>\n<p><span style=\"font-weight: 400;\">Toute information de recherche et d\u2019autres sources publi\u00e9e sur ce site mentionne la liste de r\u00e9f\u00e9rence aux sources.<\/span><\/p>\n<p><span style=\"font-weight: 400;\">La date de mise \u00e0 jour des contenus est indiqu\u00e9e sur chaque contenu publi\u00e9.<\/span><\/p><\/div>\n\t\t\t\t<\/div>\n\t\t\t\t\t\t\t<div class=\"elementor-accordion-item\">\n\t\t\t\t\t<div id=\"elementor-tab-title-2437\" class=\"elementor-tab-title\" data-tab=\"7\" role=\"tab\" aria-controls=\"elementor-tab-content-2437\" aria-expanded=\"false\">\n\t\t\t\t\t\t\t\t\t\t\t\t\t<span class=\"elementor-accordion-icon elementor-accordion-icon-left\" aria-hidden=\"true\">\n\t\t\t\t\t\t\t\t\t\t\t\t\t\t\t<span class=\"elementor-accordion-icon-closed\"><i class=\"fas fa-plus\"><\/i><\/span>\n\t\t\t\t\t\t\t\t<span class=\"elementor-accordion-icon-opened\"><i class=\"fas fa-minus\"><\/i><\/span>\n\t\t\t\t\t\t\t\t\t\t\t\t\t\t<\/span>\n\t\t\t\t\t\t\t\t\t\t\t\t<a class=\"elementor-accordion-title\" href=\"\">Principe 7 \u2013 Publication de r\u00e9sultats d\u2019\u00e9tudes <\/a>\n\t\t\t\t\t<\/div>\n\t\t\t\t\t<div id=\"elementor-tab-content-2437\" class=\"elementor-tab-content elementor-clearfix\" data-tab=\"7\" role=\"tabpanel\" aria-labelledby=\"elementor-tab-title-2437\"><p><span style=\"font-weight: 400;\">Toute information publi\u00e9e concernant le b\u00e9n\u00e9fice ou la performance d&rsquo;un traitement sp\u00e9cifique, d&rsquo;un produit commercial ou d&rsquo;un service, fait r\u00e9f\u00e9rence \u00e0 des r\u00e9sultats d&rsquo;\u00e9tudes et\/ou des articles publi\u00e9s.<\/span><\/p><\/div>\n\t\t\t\t<\/div>\n\t\t\t\t\t\t\t<div class=\"elementor-accordion-item\">\n\t\t\t\t\t<div id=\"elementor-tab-title-2438\" class=\"elementor-tab-title\" data-tab=\"8\" role=\"tab\" aria-controls=\"elementor-tab-content-2438\" aria-expanded=\"false\">\n\t\t\t\t\t\t\t\t\t\t\t\t\t<span class=\"elementor-accordion-icon elementor-accordion-icon-left\" aria-hidden=\"true\">\n\t\t\t\t\t\t\t\t\t\t\t\t\t\t\t<span class=\"elementor-accordion-icon-closed\"><i class=\"fas fa-plus\"><\/i><\/span>\n\t\t\t\t\t\t\t\t<span class=\"elementor-accordion-icon-opened\"><i class=\"fas fa-minus\"><\/i><\/span>\n\t\t\t\t\t\t\t\t\t\t\t\t\t\t<\/span>\n\t\t\t\t\t\t\t\t\t\t\t\t<a class=\"elementor-accordion-title\" href=\"\">Principe 8 \u2013 Contact<\/a>\n\t\t\t\t\t<\/div>\n\t\t\t\t\t<div id=\"elementor-tab-content-2438\" class=\"elementor-tab-content elementor-clearfix\" data-tab=\"8\" role=\"tabpanel\" aria-labelledby=\"elementor-tab-title-2438\"><p><span style=\"font-weight: 400;\">Vous pouvez contacter le webmaster \u00e0 travers la page\u00a0<\/span><a href=\"https:\/\/www.ecoconscience.tv\/contact\/\"><span style=\"font-weight: 400;\">Contact<\/span><\/a><span style=\"font-weight: 400;\">\u00a0du site.<\/span><\/p><\/div>\n\t\t\t\t<\/div>\n\t\t\t\t\t\t\t<div class=\"elementor-accordion-item\">\n\t\t\t\t\t<div id=\"elementor-tab-title-2439\" class=\"elementor-tab-title\" data-tab=\"9\" role=\"tab\" aria-controls=\"elementor-tab-content-2439\" aria-expanded=\"false\">\n\t\t\t\t\t\t\t\t\t\t\t\t\t<span class=\"elementor-accordion-icon elementor-accordion-icon-left\" aria-hidden=\"true\">\n\t\t\t\t\t\t\t\t\t\t\t\t\t\t\t<span class=\"elementor-accordion-icon-closed\"><i class=\"fas fa-plus\"><\/i><\/span>\n\t\t\t\t\t\t\t\t<span class=\"elementor-accordion-icon-opened\"><i class=\"fas fa-minus\"><\/i><\/span>\n\t\t\t\t\t\t\t\t\t\t\t\t\t\t<\/span>\n\t\t\t\t\t\t\t\t\t\t\t\t<a class=\"elementor-accordion-title\" href=\"\">Principe 9 - Financement<\/a>\n\t\t\t\t\t<\/div>\n\t\t\t\t\t<div id=\"elementor-tab-content-2439\" class=\"elementor-tab-content elementor-clearfix\" data-tab=\"9\" role=\"tabpanel\" aria-labelledby=\"elementor-tab-title-2439\"><p><span style=\"font-weight: 400;\">Ce site Eco Conscience TV est enti\u00e8rement financ\u00e9 par ECO CONSCIENCE TV.<\/span><\/p><\/div>\n\t\t\t\t<\/div>\n\t\t\t\t\t\t\t<div class=\"elementor-accordion-item\">\n\t\t\t\t\t<div id=\"elementor-tab-title-24310\" class=\"elementor-tab-title\" data-tab=\"10\" role=\"tab\" aria-controls=\"elementor-tab-content-24310\" aria-expanded=\"false\">\n\t\t\t\t\t\t\t\t\t\t\t\t\t<span class=\"elementor-accordion-icon elementor-accordion-icon-left\" aria-hidden=\"true\">\n\t\t\t\t\t\t\t\t\t\t\t\t\t\t\t<span class=\"elementor-accordion-icon-closed\"><i class=\"fas fa-plus\"><\/i><\/span>\n\t\t\t\t\t\t\t\t<span class=\"elementor-accordion-icon-opened\"><i class=\"fas fa-minus\"><\/i><\/span>\n\t\t\t\t\t\t\t\t\t\t\t\t\t\t<\/span>\n\t\t\t\t\t\t\t\t\t\t\t\t<a class=\"elementor-accordion-title\" href=\"\">Principe 10 - Politique publicitaire<\/a>\n\t\t\t\t\t<\/div>\n\t\t\t\t\t<div id=\"elementor-tab-content-24310\" class=\"elementor-tab-content elementor-clearfix\" data-tab=\"10\" role=\"tabpanel\" aria-labelledby=\"elementor-tab-title-24310\"><p><span style=\"font-weight: 400;\">Ce site Eco Conscience TV n\u2019h\u00e9berge aucune publicit\u00e9.<\/span><\/p><\/div>\n\t\t\t\t<\/div>\n\t\t\t\t\t\t\t\t<\/div>\n\t\t\t\t<\/div>\n\t\t\t\t<\/div>\n\t\t\t\t\t\t<\/div>\n\t\t\t\t\t<\/div>\n\t\t<\/div>\n\t\t\t\t\t\t\t\t<\/div>\n\t\t\t\t\t<\/div>\n\t\t<\/section>\n\t\t\t\t\t\t\t\t\t<\/div>\n\t\t\t<\/div>\n\t\t\t\t\t<\/div>\n\t\t","protected":false},"excerpt":{"rendered":"<p>Principe 1 \u2013 Le Site Internet d\u2019Eco Conscience TV\u200b Le site\u00a0www.ecocoscience.tv \u00a0est le site officiel de la soci\u00e9t\u00e9 ECO CONSCIENCE TV. Le site ECTV est actualis\u00e9 par le media ECO CONSCIENCE TV (Direction et la r\u00e9daction). ECO CONSCIENCE TV a son si\u00e8ge \u00e0 Lom\u00e9. Vous pouvez nous contacter sur les adresses suivantes : ECO CONSCIENCE [&hellip;]<\/p>\n","protected":false},"author":3,"featured_media":0,"parent":8807,"menu_order":2,"comment_status":"closed","ping_status":"closed","template":"","meta":{"ec_post_video":""},"odd":[],"_links":{"self":[{"href":"https:\/\/www.ecoconscience.tv\/api\/wp\/v2\/pages\/9223"}],"collection":[{"href":"https:\/\/www.ecoconscience.tv\/api\/wp\/v2\/pages"}],"about":[{"href":"https:\/\/www.ecoconscience.tv\/api\/wp\/v2\/types\/page"}],"author":[{"embeddable":true,"href":"https:\/\/www.ecoconscience.tv\/api\/wp\/v2\/users\/3"}],"replies":[{"embeddable":true,"href":"https:\/\/www.ecoconscience.tv\/api\/wp\/v2\/comments?post=9223"}],"version-history":[{"count":29,"href":"https:\/\/www.ecoconscience.tv\/api\/wp\/v2\/pages\/9223\/revisions"}],"predecessor-version":[{"id":9255,"href":"https:\/\/www.ecoconscience.tv\/api\/wp\/v2\/pages\/9223\/revisions\/9255"}],"up":[{"embeddable":true,"href":"https:\/\/www.ecoconscience.tv\/api\/wp\/v2\/pages\/8807"}],"wp:attachment":[{"href":"https:\/\/www.ecoconscience.tv\/api\/wp\/v2\/media?parent=9223"}],"wp:term":[{"taxonomy":"odd","embeddable":true,"href":"https:\/\/www.ecoconscience.tv\/api\/wp\/v2\/odd?post=9223"}],"curies":[{"name":"wp","href":"https:\/\/api.w.org\/{rel}","templated":true}]}}