{"id":8817,"date":"2021-03-16T19:08:03","date_gmt":"2021-03-16T19:08:03","guid":{"rendered":"https:\/\/www.ecoconscience.tv\/?page_id=8817"},"modified":"2022-07-14T11:08:06","modified_gmt":"2022-07-14T11:08:06","slug":"notre-equipe","status":"publish","type":"page","link":"https:\/\/www.ecoconscience.tv\/a-propos-de\/notre-equipe\/","title":{"rendered":"Notre Equipe"},"content":{"rendered":"\t\t<div data-elementor-type=\"wp-page\" data-elementor-id=\"8817\" class=\"elementor elementor-8817\">\n\t\t\t\t\t\t<div class=\"elementor-inner\">\n\t\t\t\t<div class=\"elementor-section-wrap\">\n\t\t\t\t\t\t\t\t\t<section class=\"elementor-section elementor-top-section elementor-element elementor-element-1507a75 elementor-section-boxed elementor-section-height-default elementor-section-height-default\" data-id=\"1507a75\" data-element_type=\"section\">\n\t\t\t\t\t\t<div class=\"elementor-container elementor-column-gap-default\">\n\t\t\t\t\t\t\t<div class=\"elementor-row\">\n\t\t\t\t\t<div class=\"elementor-column elementor-col-100 elementor-top-column elementor-element elementor-element-4e0b2409\" data-id=\"4e0b2409\" data-element_type=\"column\">\n\t\t\t<div class=\"elementor-column-wrap elementor-element-populated\">\n\t\t\t\t\t\t\t<div class=\"elementor-widget-wrap\">\n\t\t\t\t\t\t<div class=\"elementor-element elementor-element-2356dc7a elementor-widget elementor-widget-text-editor\" data-id=\"2356dc7a\" data-element_type=\"widget\" data-widget_type=\"text-editor.default\">\n\t\t\t\t<div class=\"elementor-widget-container\">\n\t\t\t\t\t\t\t\t<div class=\"elementor-text-editor elementor-clearfix\">\n\t\t\t\t<!-- wp:paragraph -->\n<p>Eco Conscience TV est une cha\u00eene de t\u00e9l\u00e9vision internet th\u00e9matique et est initi\u00e9e et port\u00e9e depuis juin 2015. Elle est officiellement lanc\u00e9e le 8 mars 2017 \u00e0 la D\u00e9l\u00e9gation de l\u2019Union europ\u00e9enne par le Ministre de la Communication et reconnue au niveau de la Haute Autorit\u00e9 de l\u2019Audiovisuelle et de la Communication (HAAC), avec l\u2019appui technique de l\u2019ambassade de France.<\/p>\n<!-- \/wp:paragraph --><!-- wp:paragraph -->\n<p>Eco Conscience TV a mis en ligne depuis sa cr\u00e9ation plus de 400 reportages. Eco Conscience TV est dot\u00e9 d\u2019un Comit\u00e9 d\u2019Orientation Strat\u00e9gique (COS) dont le pr\u00e9sident est Guillaume Quelin, expert en d\u00e9veloppement durable, innovation locale et prospective territoriale.<\/p>\n<!-- \/wp:paragraph --><!-- wp:paragraph -->\n<p>Pour mieux se restructurer, la chaine a une nouvelle vision strat\u00e9gique 2020-2025. ECO CONSCIENCE TV a une Base juridique (constitu\u00e9 en Soci\u00e9t\u00e9 de m\u00e9dia statut SARL U). Aussi enregistr\u00e9 comme media en ligne, cat\u00e9gorie Web TV \u00e0 la Haute Autorit\u00e9 de l\u2019Audiovisuelle et de la Communication (HAAC). Elle a son si\u00e8ge \u00e0 Lom\u00e9 compos\u00e9 de Bureau + 5 agents permanents.\u00a0\u00bb<\/p>\n<!-- \/wp:paragraph -->\t\t\t\t\t<\/div>\n\t\t\t\t\t\t<\/div>\n\t\t\t\t<\/div>\n\t\t\t\t\t\t<\/div>\n\t\t\t\t\t<\/div>\n\t\t<\/div>\n\t\t\t\t\t\t\t\t<\/div>\n\t\t\t\t\t<\/div>\n\t\t<\/section>\n\t\t\t\t<section class=\"elementor-section elementor-top-section elementor-element elementor-element-7352499 profile-item elementor-section-stretched elementor-section-boxed elementor-section-height-default elementor-section-height-default\" data-id=\"7352499\" data-element_type=\"section\" data-settings=\"{&quot;stretch_section&quot;:&quot;section-stretched&quot;}\">\n\t\t\t\t\t\t<div class=\"elementor-container elementor-column-gap-default\">\n\t\t\t\t\t\t\t<div class=\"elementor-row\">\n\t\t\t\t\t<div class=\"elementor-column elementor-col-33 elementor-top-column elementor-element elementor-element-57bb852 clr-col-lg-3 clr-col-md-3\" data-id=\"57bb852\" data-element_type=\"column\">\n\t\t\t<div class=\"elementor-column-wrap elementor-element-populated\">\n\t\t\t\t\t\t\t<div class=\"elementor-widget-wrap\">\n\t\t\t\t\t\t<div class=\"elementor-element elementor-element-0319f04 elementor-widget elementor-widget-image\" data-id=\"0319f04\" data-element_type=\"widget\" data-widget_type=\"image.default\">\n\t\t\t\t<div class=\"elementor-widget-container\">\n\t\t\t\t\t\t\t\t<div class=\"elementor-image\">\n\t\t\t\t\t\t\t\t\t\t\t\t<img width=\"643\" height=\"889\" src=\"https:\/\/www.ecoconscience.tv\/wp-content\/uploads\/2021\/03\/158280346_123123689743091_8976715521997328099_n.jpg\" class=\"attachment-large size-large\" alt=\"\" loading=\"lazy\" srcset=\"https:\/\/www.ecoconscience.tv\/wp-content\/uploads\/2021\/03\/158280346_123123689743091_8976715521997328099_n.jpg 643w, https:\/\/www.ecoconscience.tv\/wp-content\/uploads\/2021\/03\/158280346_123123689743091_8976715521997328099_n-217x300.jpg 217w\" sizes=\"(max-width: 643px) 100vw, 643px\" \/>\t\t\t\t\t\t\t\t\t\t\t\t\t\t<\/div>\n\t\t\t\t\t\t<\/div>\n\t\t\t\t<\/div>\n\t\t\t\t\t\t<\/div>\n\t\t\t\t\t<\/div>\n\t\t<\/div>\n\t\t\t\t<div class=\"elementor-column elementor-col-66 elementor-top-column elementor-element elementor-element-4867c83 clr-col\" data-id=\"4867c83\" data-element_type=\"column\">\n\t\t\t<div class=\"elementor-column-wrap elementor-element-populated\">\n\t\t\t\t\t\t\t<div class=\"elementor-widget-wrap\">\n\t\t\t\t\t\t<div class=\"elementor-element elementor-element-85792b9 elementor-widget elementor-widget-heading\" data-id=\"85792b9\" data-element_type=\"widget\" data-widget_type=\"heading.default\">\n\t\t\t\t<div class=\"elementor-widget-container\">\n\t\t\t<h2 class=\"elementor-heading-title elementor-size-default\">Rolande D. Aziaka <\/h2>\t\t<\/div>\n\t\t\t\t<\/div>\n\t\t\t\t<div class=\"elementor-element elementor-element-61839d4 elementor-widget elementor-widget-heading\" data-id=\"61839d4\" data-element_type=\"widget\" data-widget_type=\"heading.default\">\n\t\t\t\t<div class=\"elementor-widget-container\">\n\t\t\t<div class=\"elementor-heading-title elementor-size-small\">Promotrice de la cha\u00eene<\/div>\t\t<\/div>\n\t\t\t\t<\/div>\n\t\t\t\t<div class=\"elementor-element elementor-element-26b843d elementor-widget elementor-widget-text-editor\" data-id=\"26b843d\" data-element_type=\"widget\" data-widget_type=\"text-editor.default\">\n\t\t\t\t<div class=\"elementor-widget-container\">\n\t\t\t\t\t\t\t\t<div class=\"elementor-text-editor elementor-clearfix\">\n\t\t\t\t<p><!-- wp:paragraph --><\/p>\n<p><span style=\"letter-spacing: 0.9px;\">Connue sous le nom de Rolande Aziaka, elle est \u00e0 l\u2019\u00e9tat civil Djatougbe Akouvi Aziaka, Journaliste, animatrice, pr\u00e9sentatrice-t\u00e9l\u00e9, entrepreneure sociale, bilingue (fran\u00e7ais et anglais). Rolande est la Directrice et Fondatrice de la Soci\u00e9t\u00e9 de M\u00e9dia togolaise Eco Conscience TV, Premi\u00e8re web t\u00e9l\u00e9 th\u00e9matique au Togo, sp\u00e9cialis\u00e9e dans les questions de l\u2019environnement et du d\u00e9veloppement durable. L\u2019une des rares et jeunes patronnes de presse au Togo. Sa passion et son amour pour le travail, d\u00e9terminent ce qu&rsquo;elle est.<\/span><\/p>\n<p>Sa motivation : par sa soci\u00e9t\u00e9, elle s\u2019engage \u00e0 relever le d\u00e9fi du Genre et m\u00e9dias dans le paysage de la presse togolaise o\u00f9 la sous-repr\u00e9sentation des femmes \u00e0 la t\u00eate des organes est probl\u00e9matique. Avec sa passion, elle se positionne dans le secteur de m\u00e9dias togolais et ambitionne surtout \u00e9lever l\u2019image du leadership de la Femme de media dans le monde des m\u00e9dias et du d\u00e9veloppement.<\/p>\n<p><!-- \/wp:paragraph --><\/p>\t\t\t\t\t<\/div>\n\t\t\t\t\t\t<\/div>\n\t\t\t\t<\/div>\n\t\t\t\t\t\t<\/div>\n\t\t\t\t\t<\/div>\n\t\t<\/div>\n\t\t\t\t\t\t\t\t<\/div>\n\t\t\t\t\t<\/div>\n\t\t<\/section>\n\t\t\t\t<section class=\"elementor-section elementor-top-section elementor-element elementor-element-37ad2de profile-item elementor-section-stretched elementor-section-boxed elementor-section-height-default elementor-section-height-default\" data-id=\"37ad2de\" data-element_type=\"section\" data-settings=\"{&quot;stretch_section&quot;:&quot;section-stretched&quot;}\">\n\t\t\t\t\t\t<div class=\"elementor-container elementor-column-gap-default\">\n\t\t\t\t\t\t\t<div class=\"elementor-row\">\n\t\t\t\t\t<div class=\"elementor-column elementor-col-50 elementor-top-column elementor-element elementor-element-093272d clr-col-lg-3 clr-col-md-3\" data-id=\"093272d\" data-element_type=\"column\">\n\t\t\t<div class=\"elementor-column-wrap elementor-element-populated\">\n\t\t\t\t\t\t\t<div class=\"elementor-widget-wrap\">\n\t\t\t\t\t\t<div class=\"elementor-element elementor-element-ab1f0ee elementor-widget elementor-widget-image\" data-id=\"ab1f0ee\" data-element_type=\"widget\" data-widget_type=\"image.default\">\n\t\t\t\t<div class=\"elementor-widget-container\">\n\t\t\t\t\t\t\t\t<div class=\"elementor-image\">\n\t\t\t\t\t\t\t\t\t\t\t\t<img width=\"307\" height=\"307\" src=\"https:\/\/www.ecoconscience.tv\/wp-content\/uploads\/2021\/03\/157199905_4408614579155589_2537627941233202091_n.jpg\" class=\"attachment-large size-large\" alt=\"\" loading=\"lazy\" srcset=\"https:\/\/www.ecoconscience.tv\/wp-content\/uploads\/2021\/03\/157199905_4408614579155589_2537627941233202091_n.jpg 307w, https:\/\/www.ecoconscience.tv\/wp-content\/uploads\/2021\/03\/157199905_4408614579155589_2537627941233202091_n-300x300.jpg 300w, https:\/\/www.ecoconscience.tv\/wp-content\/uploads\/2021\/03\/157199905_4408614579155589_2537627941233202091_n-150x150.jpg 150w\" sizes=\"(max-width: 307px) 100vw, 307px\" \/>\t\t\t\t\t\t\t\t\t\t\t\t\t\t<\/div>\n\t\t\t\t\t\t<\/div>\n\t\t\t\t<\/div>\n\t\t\t\t\t\t<\/div>\n\t\t\t\t\t<\/div>\n\t\t<\/div>\n\t\t\t\t<div class=\"elementor-column elementor-col-50 elementor-top-column elementor-element elementor-element-9ac2ea2 clr-col\" data-id=\"9ac2ea2\" data-element_type=\"column\">\n\t\t\t<div class=\"elementor-column-wrap elementor-element-populated\">\n\t\t\t\t\t\t\t<div class=\"elementor-widget-wrap\">\n\t\t\t\t\t\t<div class=\"elementor-element elementor-element-c8dfca9 elementor-widget elementor-widget-heading\" data-id=\"c8dfca9\" data-element_type=\"widget\" data-widget_type=\"heading.default\">\n\t\t\t\t<div class=\"elementor-widget-container\">\n\t\t\t<h2 class=\"elementor-heading-title elementor-size-default\">Guillaume Quelin<\/h2>\t\t<\/div>\n\t\t\t\t<\/div>\n\t\t\t\t<div class=\"elementor-element elementor-element-bbd4fba elementor-widget elementor-widget-heading\" data-id=\"bbd4fba\" data-element_type=\"widget\" data-widget_type=\"heading.default\">\n\t\t\t\t<div class=\"elementor-widget-container\">\n\t\t\t<div class=\"elementor-heading-title elementor-size-small\">Pr\u00e9sident du Comit\u00e9 d\u2019Orientation Strat\u00e9gique<\/div>\t\t<\/div>\n\t\t\t\t<\/div>\n\t\t\t\t<div class=\"elementor-element elementor-element-2aa0182 elementor-widget elementor-widget-text-editor\" data-id=\"2aa0182\" data-element_type=\"widget\" data-widget_type=\"text-editor.default\">\n\t\t\t\t<div class=\"elementor-widget-container\">\n\t\t\t\t\t\t\t\t<div class=\"elementor-text-editor elementor-clearfix\">\n\t\t\t\t<!-- wp:paragraph -->\n<p>Issu d&rsquo;une double formation en ing\u00e9nierie et en sciences politiques, Guillaume Quelin s&rsquo;est sp\u00e9cialis\u00e9 dans les questions li\u00e9es au changement climatique, \u00e0 la gouvernance et \u00e0 l&rsquo;innovation. Il travaille depuis 7 ans entre la France et l&rsquo;Afrique avec un ancrage fort au Togo, sur ces questions.<\/p>\n<p>Il est depuis janvier 2021 Responsable de projet climat au GRET. C&rsquo;est \u00e0 l&rsquo;Ambassade de France au Togo, comme charg\u00e9 de mission climat et gouvernance qu&rsquo;il a rencontr\u00e9 pour la premi\u00e8re fois Rolande Aziaka, en 2015, et a commenc\u00e9 \u00e0 accompagner la gen\u00e8se d&rsquo;EcoconscienceTV. ll est depuis 2020 Pr\u00e9sident du Conseil d&rsquo;Orientation Strat\u00e9gique d&rsquo;EcoconscienceTV pour un mandat de 2 ans, afin d&rsquo;accompagner la structuration interne et le d\u00e9veloppement du m\u00e9dia et de ses contenus<\/p>\n<!-- \/wp:paragraph -->\t\t\t\t\t<\/div>\n\t\t\t\t\t\t<\/div>\n\t\t\t\t<\/div>\n\t\t\t\t\t\t<\/div>\n\t\t\t\t\t<\/div>\n\t\t<\/div>\n\t\t\t\t\t\t\t\t<\/div>\n\t\t\t\t\t<\/div>\n\t\t<\/section>\n\t\t\t\t<section class=\"elementor-section elementor-top-section elementor-element elementor-element-b1cb694 profile-item elementor-section-stretched elementor-section-boxed elementor-section-height-default elementor-section-height-default\" data-id=\"b1cb694\" data-element_type=\"section\" data-settings=\"{&quot;stretch_section&quot;:&quot;section-stretched&quot;}\">\n\t\t\t\t\t\t<div class=\"elementor-container elementor-column-gap-default\">\n\t\t\t\t\t\t\t<div class=\"elementor-row\">\n\t\t\t\t\t<div class=\"elementor-column elementor-col-100 elementor-top-column elementor-element elementor-element-7c966e7 clr-col\" data-id=\"7c966e7\" data-element_type=\"column\">\n\t\t\t<div class=\"elementor-column-wrap elementor-element-populated\">\n\t\t\t\t\t\t\t<div class=\"elementor-widget-wrap\">\n\t\t\t\t\t\t<div class=\"elementor-element elementor-element-316fb55 elementor-widget elementor-widget-text-editor\" data-id=\"316fb55\" data-element_type=\"widget\" data-widget_type=\"text-editor.default\">\n\t\t\t\t<div class=\"elementor-widget-container\">\n\t\t\t\t\t\t\t\t<div class=\"elementor-text-editor elementor-clearfix\">\n\t\t\t\t<p>Les autres membres de l&rsquo;\u00e9quipe :<\/p>\n<ul>\n<li>Yahya MSANGI, <strong>Expert en d\u00e9veloppement durable<\/strong><\/li>\n<li>Patrick ABASSEM, <strong>Monteur en chef <\/strong><\/li>\n<li>Blaise Efue, <strong>commercial et marketing<\/strong><\/li>\n<\/ul>\t\t\t\t\t<\/div>\n\t\t\t\t\t\t<\/div>\n\t\t\t\t<\/div>\n\t\t\t\t\t\t<\/div>\n\t\t\t\t\t<\/div>\n\t\t<\/div>\n\t\t\t\t\t\t\t\t<\/div>\n\t\t\t\t\t<\/div>\n\t\t<\/section>\n\t\t\t\t\t\t\t\t\t<\/div>\n\t\t\t<\/div>\n\t\t\t\t\t<\/div>\n\t\t","protected":false},"excerpt":{"rendered":"<p>Eco Conscience TV est une cha\u00eene de t\u00e9l\u00e9vision internet th\u00e9matique et est initi\u00e9e et port\u00e9e depuis juin 2015. Elle est officiellement lanc\u00e9e le 8 mars 2017 \u00e0 la D\u00e9l\u00e9gation de l\u2019Union europ\u00e9enne par le Ministre de la Communication et reconnue au niveau de la Haute Autorit\u00e9 de l\u2019Audiovisuelle et de la Communication (HAAC), avec l\u2019appui [&hellip;]<\/p>\n","protected":false},"author":3,"featured_media":0,"parent":8807,"menu_order":1,"comment_status":"closed","ping_status":"closed","template":"","meta":{"ec_post_video":""},"odd":[],"_links":{"self":[{"href":"https:\/\/www.ecoconscience.tv\/api\/wp\/v2\/pages\/8817"}],"collection":[{"href":"https:\/\/www.ecoconscience.tv\/api\/wp\/v2\/pages"}],"about":[{"href":"https:\/\/www.ecoconscience.tv\/api\/wp\/v2\/types\/page"}],"author":[{"embeddable":true,"href":"https:\/\/www.ecoconscience.tv\/api\/wp\/v2\/users\/3"}],"replies":[{"embeddable":true,"href":"https:\/\/www.ecoconscience.tv\/api\/wp\/v2\/comments?post=8817"}],"version-history":[{"count":37,"href":"https:\/\/www.ecoconscience.tv\/api\/wp\/v2\/pages\/8817\/revisions"}],"predecessor-version":[{"id":9612,"href":"https:\/\/www.ecoconscience.tv\/api\/wp\/v2\/pages\/8817\/revisions\/9612"}],"up":[{"embeddable":true,"href":"https:\/\/www.ecoconscience.tv\/api\/wp\/v2\/pages\/8807"}],"wp:attachment":[{"href":"https:\/\/www.ecoconscience.tv\/api\/wp\/v2\/media?parent=8817"}],"wp:term":[{"taxonomy":"odd","embeddable":true,"href":"https:\/\/www.ecoconscience.tv\/api\/wp\/v2\/odd?post=8817"}],"curies":[{"name":"wp","href":"https:\/\/api.w.org\/{rel}","templated":true}]}}