{"version":"1.0","provider_name":"EcoConscience TV","provider_url":"https:\/\/www.ecoconscience.tv","title":"COP22 : L\u2019Agenda Global de l\u2019Action officiellement lanc\u00e9 | EcoConscience TV","type":"rich","width":600,"height":338,"html":"<blockquote class=\"wp-embedded-content\" data-secret=\"D0YSfvHe0B\"><a href=\"https:\/\/www.ecoconscience.tv\/cop22-lagenda-global-de-laction-officiellement-lance\/\">COP22 : L\u2019Agenda Global de l\u2019Action officiellement lanc\u00e9<\/a><\/blockquote><iframe sandbox=\"allow-scripts\" security=\"restricted\" src=\"https:\/\/www.ecoconscience.tv\/cop22-lagenda-global-de-laction-officiellement-lance\/embed\/#?secret=D0YSfvHe0B\" width=\"600\" height=\"338\" title=\"\u00ab\u00a0COP22 : L\u2019Agenda Global de l\u2019Action officiellement lanc\u00e9\u00a0\u00bb &#8212; EcoConscience TV\" data-secret=\"D0YSfvHe0B\" frameborder=\"0\" marginwidth=\"0\" marginheight=\"0\" scrolling=\"no\" class=\"wp-embedded-content\"><\/iframe><script type=\"text\/javascript\">\n\/*! This file is auto-generated *\/\n!function(c,l){\"use strict\";var e=!1,o=!1;if(l.querySelector)if(c.addEventListener)e=!0;if(c.wp=c.wp||{},c.wp.receiveEmbedMessage);else if(c.wp.receiveEmbedMessage=function(e){var t=e.data;if(!t);else if(!(t.secret||t.message||t.value));else if(\/[^a-zA-Z0-9]\/.test(t.secret));else{for(var r,s,a,i=l.querySelectorAll('iframe[data-secret=\"'+t.secret+'\"]'),n=l.querySelectorAll('blockquote[data-secret=\"'+t.secret+'\"]'),o=0;o<n.length;o++)n[o].style.display=\"none\";for(o=0;o<i.length;o++)if(r=i[o],e.source!==r.contentWindow);else{if(r.removeAttribute(\"style\"),\"height\"===t.message){if(1e3<(s=parseInt(t.value,10)))s=1e3;else if(~~s<200)s=200;r.height=s}if(\"link\"===t.message)if(s=l.createElement(\"a\"),a=l.createElement(\"a\"),s.href=r.getAttribute(\"src\"),a.href=t.value,a.host===s.host)if(l.activeElement===r)c.top.location.href=t.value}}},e)c.addEventListener(\"message\",c.wp.receiveEmbedMessage,!1),l.addEventListener(\"DOMContentLoaded\",t,!1),c.addEventListener(\"load\",t,!1);function t(){if(o);else{o=!0;for(var e,t,r,s=-1!==navigator.appVersion.indexOf(\"MSIE 10\"),a=!!navigator.userAgent.match(\/Trident.*rv:11\\.\/),i=l.querySelectorAll(\"iframe.wp-embedded-content\"),n=0;n<i.length;n++){if(!(r=(t=i[n]).getAttribute(\"data-secret\")))r=Math.random().toString(36).substr(2,10),t.src+=\"#?secret=\"+r,t.setAttribute(\"data-secret\",r);if(s||a)(e=t.cloneNode(!0)).removeAttribute(\"security\"),t.parentNode.replaceChild(e,t);t.contentWindow.postMessage({message:\"ready\",secret:r},\"*\")}}}}(window,document);\n<\/script>\n","thumbnail_url":"https:\/\/www.ecoconscience.tv\/wp-content\/uploads\/2016\/11\/CwvUqJMXEAAeDvQ.jpg-large.jpg","thumbnail_width":968,"thumbnail_height":650,"description":"Les activit\u00e9s inscrites de la COP22 se poursuivent. Ce mardi 8 novembre, deuxi\u00e8me jour de cette COP, l\u2019Agenda Global de l\u2019Action est officiellement lanc\u00e9 par \u00a0la ministre en charge de l\u2019Environnement, Hakima El Hait\u00e9, et Laurence Tubiana, ambassadrice charg\u00e9e des n\u00e9gociations sur le changement climatique et repr\u00e9sentante sp\u00e9ciale de la COP21, lors d\u2019une conf\u00e9rence de [&hellip;]"}