{"version":"1.0","provider_name":"EcoConscience TV","provider_url":"https:\/\/www.ecoconscience.tv","title":"Au Mali, Aminata Traor\u00e9 lutte contre les d\u00e9chets plastiques | EcoConscience TV","type":"rich","width":600,"height":338,"html":"<blockquote class=\"wp-embedded-content\" data-secret=\"W32grPn0VB\"><a href=\"https:\/\/www.ecoconscience.tv\/au-mali-aminata-traore-lutte-contre-les-dechets-plastiques\/\">Au Mali, Aminata Traor\u00e9 lutte contre les d\u00e9chets plastiques<\/a><\/blockquote><iframe sandbox=\"allow-scripts\" security=\"restricted\" src=\"https:\/\/www.ecoconscience.tv\/au-mali-aminata-traore-lutte-contre-les-dechets-plastiques\/embed\/#?secret=W32grPn0VB\" width=\"600\" height=\"338\" title=\"\u00ab\u00a0Au Mali, Aminata Traor\u00e9 lutte contre les d\u00e9chets plastiques\u00a0\u00bb &#8212; EcoConscience TV\" data-secret=\"W32grPn0VB\" frameborder=\"0\" marginwidth=\"0\" marginheight=\"0\" scrolling=\"no\" class=\"wp-embedded-content\"><\/iframe><script type=\"text\/javascript\">\n\/*! This file is auto-generated *\/\n!function(c,l){\"use strict\";var e=!1,o=!1;if(l.querySelector)if(c.addEventListener)e=!0;if(c.wp=c.wp||{},c.wp.receiveEmbedMessage);else if(c.wp.receiveEmbedMessage=function(e){var t=e.data;if(!t);else if(!(t.secret||t.message||t.value));else if(\/[^a-zA-Z0-9]\/.test(t.secret));else{for(var r,s,a,i=l.querySelectorAll('iframe[data-secret=\"'+t.secret+'\"]'),n=l.querySelectorAll('blockquote[data-secret=\"'+t.secret+'\"]'),o=0;o<n.length;o++)n[o].style.display=\"none\";for(o=0;o<i.length;o++)if(r=i[o],e.source!==r.contentWindow);else{if(r.removeAttribute(\"style\"),\"height\"===t.message){if(1e3<(s=parseInt(t.value,10)))s=1e3;else if(~~s<200)s=200;r.height=s}if(\"link\"===t.message)if(s=l.createElement(\"a\"),a=l.createElement(\"a\"),s.href=r.getAttribute(\"src\"),a.href=t.value,a.host===s.host)if(l.activeElement===r)c.top.location.href=t.value}}},e)c.addEventListener(\"message\",c.wp.receiveEmbedMessage,!1),l.addEventListener(\"DOMContentLoaded\",t,!1),c.addEventListener(\"load\",t,!1);function t(){if(o);else{o=!0;for(var e,t,r,s=-1!==navigator.appVersion.indexOf(\"MSIE 10\"),a=!!navigator.userAgent.match(\/Trident.*rv:11\\.\/),i=l.querySelectorAll(\"iframe.wp-embedded-content\"),n=0;n<i.length;n++){if(!(r=(t=i[n]).getAttribute(\"data-secret\")))r=Math.random().toString(36).substr(2,10),t.src+=\"#?secret=\"+r,t.setAttribute(\"data-secret\",r);if(s||a)(e=t.cloneNode(!0)).removeAttribute(\"security\"),t.parentNode.replaceChild(e,t);t.contentWindow.postMessage({message:\"ready\",secret:r},\"*\")}}}}(window,document);\n<\/script>\n","thumbnail_url":"https:\/\/www.ecoconscience.tv\/wp-content\/uploads\/2022\/01\/WhatsApp-Image-2022-01-18-at-12.47.08-1080x1080.jpeg","thumbnail_width":1080,"thumbnail_height":1080,"description":"#EcoConscienceTV Aminata Idrissa Traor\u00e9 est l&rsquo;une des laur\u00e9ates de la premi\u00e8re \u00e9dition du programme L\u2019AFrik De Demain. Elle est la promotrice de N\u2019balan, une entreprise qui commercialise des sacs et emballages biod\u00e9gradables. D\u00e9couverte ! Aminata Idrissa Traor\u00e9 a embrass\u00e9 l\u2019univers entrepreneurial en juillet 2021. Elle est titulaire d\u2019une Licence en communication. Passionn\u00e9e de la sauvegarde [&hellip;]"}