{"version":"1.0","provider_name":"EcoConscience TV","provider_url":"https:\/\/www.ecoconscience.tv","title":"Afri&#039;&#039;Art et Culture pour l&#039;\u00e9ducation par le th\u00e9\u00e2tre | EcoConscience TV","type":"rich","width":600,"height":338,"html":"<blockquote class=\"wp-embedded-content\" data-secret=\"MN8dRFISpt\"><a href=\"https:\/\/www.ecoconscience.tv\/afriart-et-culture-pour-leducation-par-le-theatre\/\">Afri&#039;&#039;Art et Culture pour l&#039;\u00e9ducation par le th\u00e9\u00e2tre<\/a><\/blockquote><iframe sandbox=\"allow-scripts\" security=\"restricted\" src=\"https:\/\/www.ecoconscience.tv\/afriart-et-culture-pour-leducation-par-le-theatre\/embed\/#?secret=MN8dRFISpt\" width=\"600\" height=\"338\" title=\"\u00ab\u00a0Afri&#039;&#039;Art et Culture pour l&#039;\u00e9ducation par le th\u00e9\u00e2tre\u00a0\u00bb &#8212; EcoConscience TV\" data-secret=\"MN8dRFISpt\" frameborder=\"0\" marginwidth=\"0\" marginheight=\"0\" scrolling=\"no\" class=\"wp-embedded-content\"><\/iframe><script type=\"text\/javascript\">\n\/*! This file is auto-generated *\/\n!function(c,l){\"use strict\";var e=!1,o=!1;if(l.querySelector)if(c.addEventListener)e=!0;if(c.wp=c.wp||{},c.wp.receiveEmbedMessage);else if(c.wp.receiveEmbedMessage=function(e){var t=e.data;if(!t);else if(!(t.secret||t.message||t.value));else if(\/[^a-zA-Z0-9]\/.test(t.secret));else{for(var r,s,a,i=l.querySelectorAll('iframe[data-secret=\"'+t.secret+'\"]'),n=l.querySelectorAll('blockquote[data-secret=\"'+t.secret+'\"]'),o=0;o<n.length;o++)n[o].style.display=\"none\";for(o=0;o<i.length;o++)if(r=i[o],e.source!==r.contentWindow);else{if(r.removeAttribute(\"style\"),\"height\"===t.message){if(1e3<(s=parseInt(t.value,10)))s=1e3;else if(~~s<200)s=200;r.height=s}if(\"link\"===t.message)if(s=l.createElement(\"a\"),a=l.createElement(\"a\"),s.href=r.getAttribute(\"src\"),a.href=t.value,a.host===s.host)if(l.activeElement===r)c.top.location.href=t.value}}},e)c.addEventListener(\"message\",c.wp.receiveEmbedMessage,!1),l.addEventListener(\"DOMContentLoaded\",t,!1),c.addEventListener(\"load\",t,!1);function t(){if(o);else{o=!0;for(var e,t,r,s=-1!==navigator.appVersion.indexOf(\"MSIE 10\"),a=!!navigator.userAgent.match(\/Trident.*rv:11\\.\/),i=l.querySelectorAll(\"iframe.wp-embedded-content\"),n=0;n<i.length;n++){if(!(r=(t=i[n]).getAttribute(\"data-secret\")))r=Math.random().toString(36).substr(2,10),t.src+=\"#?secret=\"+r,t.setAttribute(\"data-secret\",r);if(s||a)(e=t.cloneNode(!0)).removeAttribute(\"security\"),t.parentNode.replaceChild(e,t);t.contentWindow.postMessage({message:\"ready\",secret:r},\"*\")}}}}(window,document);\n<\/script>\n","thumbnail_url":"https:\/\/www.ecoconscience.tv\/wp-content\/uploads\/2018\/04\/20180425_231818.jpg","thumbnail_width":960,"thumbnail_height":564,"description":"L&rsquo;Association Afri\u00a0\u00bbArt et Culture \u00e9tait dans le cadre de son festival Eduk -Th\u00e9\u00e2tre Arts Enfance et Jeunesse, \u00e0 Ts\u00e9vi\u00e9 (35 km au nord de Lom\u00e9) du 19 au 21 f\u00e9vrier dernier pour la formation et la cr\u00e9ation de troupes de th\u00e9\u00e2tres tant dans les \u00e9coles priv\u00e9es que publiques de la pr\u00e9fecture de Zio. L&rsquo;initiative qui [&hellip;]"}