{"version":"1.0","provider_name":"EcoConscience TV","provider_url":"https:\/\/www.ecoconscience.tv","title":"FADEF 4\u00e8me Ed : valorisation du patrimoine historique | EcoConscience TV","type":"rich","width":600,"height":338,"html":"<blockquote class=\"wp-embedded-content\" data-secret=\"TYp6qnbrLt\"><a href=\"https:\/\/www.ecoconscience.tv\/4277-2\/\">FADEF 4\u00e8me Ed : valorisation du patrimoine historique<\/a><\/blockquote><iframe sandbox=\"allow-scripts\" security=\"restricted\" src=\"https:\/\/www.ecoconscience.tv\/4277-2\/embed\/#?secret=TYp6qnbrLt\" width=\"600\" height=\"338\" title=\"\u00ab\u00a0FADEF 4\u00e8me Ed : valorisation du patrimoine historique\u00a0\u00bb &#8212; EcoConscience TV\" data-secret=\"TYp6qnbrLt\" frameborder=\"0\" marginwidth=\"0\" marginheight=\"0\" scrolling=\"no\" class=\"wp-embedded-content\"><\/iframe><script type=\"text\/javascript\">\n\/*! This file is auto-generated *\/\n!function(c,l){\"use strict\";var e=!1,o=!1;if(l.querySelector)if(c.addEventListener)e=!0;if(c.wp=c.wp||{},c.wp.receiveEmbedMessage);else if(c.wp.receiveEmbedMessage=function(e){var t=e.data;if(!t);else if(!(t.secret||t.message||t.value));else if(\/[^a-zA-Z0-9]\/.test(t.secret));else{for(var r,s,a,i=l.querySelectorAll('iframe[data-secret=\"'+t.secret+'\"]'),n=l.querySelectorAll('blockquote[data-secret=\"'+t.secret+'\"]'),o=0;o<n.length;o++)n[o].style.display=\"none\";for(o=0;o<i.length;o++)if(r=i[o],e.source!==r.contentWindow);else{if(r.removeAttribute(\"style\"),\"height\"===t.message){if(1e3<(s=parseInt(t.value,10)))s=1e3;else if(~~s<200)s=200;r.height=s}if(\"link\"===t.message)if(s=l.createElement(\"a\"),a=l.createElement(\"a\"),s.href=r.getAttribute(\"src\"),a.href=t.value,a.host===s.host)if(l.activeElement===r)c.top.location.href=t.value}}},e)c.addEventListener(\"message\",c.wp.receiveEmbedMessage,!1),l.addEventListener(\"DOMContentLoaded\",t,!1),c.addEventListener(\"load\",t,!1);function t(){if(o);else{o=!0;for(var e,t,r,s=-1!==navigator.appVersion.indexOf(\"MSIE 10\"),a=!!navigator.userAgent.match(\/Trident.*rv:11\\.\/),i=l.querySelectorAll(\"iframe.wp-embedded-content\"),n=0;n<i.length;n++){if(!(r=(t=i[n]).getAttribute(\"data-secret\")))r=Math.random().toString(36).substr(2,10),t.src+=\"#?secret=\"+r,t.setAttribute(\"data-secret\",r);if(s||a)(e=t.cloneNode(!0)).removeAttribute(\"security\"),t.parentNode.replaceChild(e,t);t.contentWindow.postMessage({message:\"ready\",secret:r},\"*\")}}}}(window,document);\n<\/script>\n","thumbnail_url":"https:\/\/www.ecoconscience.tv\/wp-content\/uploads\/2017\/04\/site-touristique1.png","thumbnail_width":640,"thumbnail_height":335,"description":"La pr\u00e9fecture de Doufelgou, plus particuli\u00e8rement le canton de D\u00e9fale \u00e0 plus de 400 km au Nord du Togo a vibr\u00e9 au rythme de la 4\u00e8me \u00e9dition du Festival des Arts de D\u00e9fal\u00e9 (FADEF) du 05 au 08 Avril dernier. C\u2019est une activit\u00e9 culturelle qui se tient d\u00e9sormais chaque ann\u00e9e dans la 1\u00e8re quinzaine du [&hellip;]"}